{"id":4871,"date":"2019-03-03T12:25:51","date_gmt":"2019-03-03T17:25:51","guid":{"rendered":"https:\/\/www.montrealers.ca\/a-propos\/"},"modified":"2020-03-16T18:21:15","modified_gmt":"2020-03-16T22:21:15","slug":"a-propos","status":"publish","type":"page","link":"https:\/\/www.montrealers.ca\/fr\/page-daccueil\/a-propos\/","title":{"rendered":"\u00c0 propos"},"content":{"rendered":"<div id=\"pl-gb4871-69f55fd0f142f\"  class=\"panel-layout\" ><div id=\"pg-gb4871-69f55fd0f142f-0\"  class=\"panel-grid panel-no-style\" ><div id=\"pgc-gb4871-69f55fd0f142f-0-0\"  class=\"panel-grid-cell\" ><div id=\"panel-gb4871-69f55fd0f142f-0-0-0\" class=\"so-panel widget widget_moesia_services moesia_services_widget panel-first-child panel-last-child\" data-index=\"0\" >\t\t<section id=\"services\" class=\"services-area\">\n\t\t\t<div class=\"container\">\n\t\t\t\t<h3 class=\"widget-title\"><span class=\"wow bounce\">\u00c0 propos<\/span><\/h3>\t\t\t\t\t\t\t\t\t\t\t\t\t\t\t\t\t\t\t<div class=\"service col-md-4 col-sm-6 col-xs-6\">\n\t\t\t\t\t\t\t\t\t\t\t\t\t\t\t\t\t\t\t\t<span class=\"service-icon wow zoomInDown\"><i class=\"fa fa-info\"><\/i><\/span>\t\t\t\t\t\t\t\t\t\t\t\t<h4 class=\"service-title wow fadeInUp\">D\u00e9tails<\/h4><div class=\"service-desc wow fadeInUp\"><h3>Quelle est la structure organisationnelle des Montr\u00e9Alers?<\/h3>\r\nD\u00e8s leurs premiers jours, les Montr\u00e9Alers \u00e9taient un groupe informellement unis par leur passion commune envers le brassage amateur. L\u2019organisation informelle est rapidement devenue insoutenable avec la croissance rapide du groupe. Il a donc \u00e9t\u00e9 d\u00e9cid\u00e9 de formaliser la structure du groupe en tant qu\u2019organisme \u00e0 but non lucratif (OBNL). Au d\u00e9but du mois de mai 2011, le club a \u00e9lu ses Administrateurs lors de sa premi\u00e8re assembl\u00e9 g\u00e9n\u00e9rale annuelle et a adopt\u00e9 sa constitution et sa charte.\r\n\r\n&nbsp;\r\n<h3>Quelle est la taille de l\u2019organisme?<\/h3>\r\nLe club compte aujourd\u2019hui plus de 260 membres en r\u00e8gle.\r\n\r\n&nbsp;\r\n<h3>Quels sont les objectifs \u00e0 long terme du club?<\/h3>\r\nLe club aspire \u00e0 promouvoir le brassage amateur de diff\u00e9rentes fa\u00e7ons. Entre autre: aider les aspirants brasseurs \u00e0 s\u2019initier au brassage; partager les id\u00e9es et le savoir relatif aux recettes, aux techniques de brassage et \u00e0 la construction des composantes d\u2019une brasserie; tenir des comp\u00e9titions, incluant une comp\u00e9tition annuelle ouverte \u00e0 tous et des \u00e9preuves plus fr\u00e9quentes r\u00e9serv\u00e9s aux membres du club. Id\u00e9alement, nous souhaitons aussi favoriser la diversit\u00e9 des bi\u00e8re disponible au grand public en faisant des pressions au pr\u00e8s du gouvernement pour mettre \u00e0 jour les lois sur les importation et sur la vente de la bi\u00e8re au Qu\u00e9bec.<\/div>\t\t\t\t\t<\/div>\n\t\t\t\t\t\t\t\t\t\t\t\t\t\t\t\t\t\t\t<div class=\"service col-md-4 col-sm-6 col-xs-6\">\n\t\t\t\t\t\t\t\t\t\t\t\t\t\t\t\t\t\t\t\t<span class=\"service-icon wow zoomInDown\"><i class=\"fa fa-user-plus\"><\/i><\/span>\t\t\t\t\t\t\t\t\t\t\t\t<h4 class=\"service-title wow fadeInUp\">Devenir Membre<\/h4><div class=\"service-desc wow fadeInUp\"><h3>Quel est le co\u00fbt le l\u2019abonnement?<\/h3>\nLes frais d\u2019adh\u00e9sion sont pr\u00e9sentement de<strong>$25 par ann\u00e9e<\/strong>.\n<h3><\/h3>\n<h3>Quels sont les avantages d\u2019\u00eatre membre?<\/h3>\nEn devenant membre, vous supporterez une organisation ayant comme mission de faire avancer le passe-temps du brassage amateur dans la r\u00e9gion de Montr\u00e9al.\n\nVous aurez aussi droit \u00e0 :\n<ul>\n \t<li>Acc\u00e8s aux rencontres mensuelles pour d\u00e9guster, discuter de techniques et partager de l\u2019information<\/li>\n \t<li>Acc\u00e8s \u00e0 la liste de diffusion disponible aux membres seulement<\/li>\n \t<li>Acc\u00e8s GRATUIT aux \u00e9v\u00e9nements pour membres seulement (sauf indication contraire)<\/li>\n \t<li>Rabais chez les commanditaires du club<\/li>\n \t<li>\u2026et beaucoup plus!<\/li>\n<\/ul>\n&nbsp;\n<h3>Comment puis-je m\u2019abonner?<\/h3>\nNous recommandons ce qui suit:\n<ol>\n \t<li>Se joindre \u00e0 la <a href=\"https:\/\/www.montrealers.ca\/?services=mailing-list\">liste de diffusion <\/a> aet vous y pr\u00e9senter \u2013 c\u2019est <strong>GRATUIT!<\/strong><\/li>\n \t<li>Aimer notre <a href=\"https:\/\/www.facebook.com\/ClubMontreAlers\/\" target=\"_blank\" rel=\"noopener noreferrer\">page Facebook<\/a> \u2013 c&rsquo;est <strong>GRATUIT<\/strong>!<\/li>\n \t<li>Pr\u00eat \u00e0 devenir membre? Merveilleux! <a href=\"http:\/\/www.montrealers.ca\/product\/devenir-membre-become-a-member\/\">\n<\/a>\n<h3><a href=\"https:\/\/www.montrealers.ca\/fr\/plans-dadhesion\/\">ACH\u00c8TEZ VOTRE CARTE DE MEMBRE EN-LIGNE!<\/a><\/h3>\n<\/li>\n<\/ol><\/div>\t\t\t\t\t<\/div>\n\t\t\t\t\t\t\t\t\t\t\t\t\t\t\t\t\t\t\t<div class=\"service col-md-4 col-sm-6 col-xs-6\">\n\t\t\t\t\t\t\t\t\t\t\t\t\t\t\t\t\t\t\t\t<span class=\"service-icon wow zoomInDown\"><i class=\"fa fa-comments\"><\/i><\/span>\t\t\t\t\t\t\t\t\t\t\t\t<h4 class=\"service-title wow fadeInUp\">Groupe de discussion<\/h4><div class=\"service-desc wow fadeInUp\"><h3>Comment puis-je rejoindre le groupe de discussion ?<\/h3>\r\nSuivez le lien suivant pour vous abonner: <a href=\"https:\/\/discourse.montrealers.ca\/\">Groupe de discussion<\/a>\r\n\r\nApr\u00e8s vous \u00eatre inscrits, veuillez envoyer un message pour vous pr\u00e9senter et pour nous parler de votre historique de brassage.<\/div>\t\t\t\t\t<\/div>\n\t\t\t\t\t\t\t\t\t\t\t\t\t\t\t\t\t\t\t<div class=\"service col-md-4 col-sm-6 col-xs-6\">\n\t\t\t\t\t\t\t\t\t\t\t\t\t\t\t\t\t\t\t\t<span class=\"service-icon wow zoomInDown\"><i class=\"fa fa-beer\"><\/i><\/span>\t\t\t\t\t\t\t\t\t\t\t\t<h4 class=\"service-title wow fadeInUp\">R\u00e9unions de d\u00e9gustation mensuelles<\/h4><div class=\"service-desc wow fadeInUp\"><h3>Quand tiendra-t-on des r\u00e9unions?<\/h3>\r\nHabituellement, les rencontres r\u00e9guli\u00e8res ont lieu pendant la deuxi\u00e8me semaine de chaque mois. D\u2019autres rencontres ont lieu au cours de l\u2019ann\u00e9e, autant des \u00e9v\u00e9nements sociaux pour toute la famille que des sessions de brassage de groupe. De plus, notre assembl\u00e9e g\u00e9n\u00e9rale a lieu une fois par ann\u00e9e pour d\u00e9battre des affaires du club et pour \u00e9lire l\u2019ex\u00e9cutif de l\u2019ann\u00e9e \u00e0 venir.\r\n\r\n&nbsp;\r\n<h3>\u00c0 quoi m\u2019attendre lors d\u2019une rencontre?<\/h3>\r\nLors des rencontres mensuelles r\u00e9guli\u00e8res, on se rejoint habituellement chez un de nos membres pour gouter, critiquer, et parler de nos bi\u00e8res maison respectives. C\u2019est l\u2019occasion id\u00e9ale pour parler de tout et de rien.\r\n\r\n&nbsp;\r\n<h3>Qui est admis dans les rencontres mensuelles r\u00e9guli\u00e8res?<\/h3>\r\nLes rencontres mensuelles r\u00e9guli\u00e8res sont planifi\u00e9es et organis\u00e9s pas les membres individuels. Les h\u00f4tes annoncent en g\u00e9n\u00e9ral sur la liste de diffusion le format de la rencontre (d\u00e9gustation ou sociale) et o\u00f9 cette derni\u00e8re aura lieu. Les h\u00f4tes d\u00e9cident aussi de la taille de la rencontre et si elle est r\u00e9serv\u00e9e aux membres du club ou si les invit\u00e9s y sont bienvenus.\r\n\r\n&nbsp;\r\n<h3>Quand est-il des rencontres informelles?<\/h3>\r\nLes membres du club se rencontrent souvent de fa\u00e7on informelle dans une des nombreuses brasseries artisanales de Montr\u00e9al et de ses environs. Toute personne qui souhaite parler de bi\u00e8re ou s\u2019impliquer aupr\u00e8s du club y est bienvenue. Ces rencontres sont habituellement organis\u00e9es sur <a href=\"https:\/\/www.montrealers.ca\/?services=mailing-list\">la liste de diffusion<\/a>.<\/div>\t\t\t\t\t<\/div>\n\t\t\t\t\t\t\t\t\t\t\t\t\t\t\t\t\t\t\t<div class=\"service col-md-4 col-sm-6 col-xs-6\">\n\t\t\t\t\t\t\t\t\t\t\t\t\t\t\t\t\t\t\t\t<span class=\"service-icon wow zoomInDown\"><i class=\"fa fa-step-backward\"><\/i><\/span>\t\t\t\t\t\t\t\t\t\t\t\t<h4 class=\"service-title wow fadeInUp\">\u00c9v\u00e9nements pass\u00e9s<\/h4><div class=\"service-desc wow fadeInUp\"><h4><a href=\"https:\/\/www.montrealers.ca\/events\/list\/?tribe_paged=1&amp;tribe_event_display=past\">Liste des \u00e9v\u00e9nements pass\u00e9s.<\/a><\/h4>\r\n<h4>Autres \u00e9v\u00e9nements pass\u00e9s<\/h4>\r\n<ul>\r\n \t<li><a href=\"https:\/\/www.montrealers.ca\/fr\/brasseur-de-lannee-2015\/\">Brasseur de l&rsquo;Ann\u00e9e 2015<\/a><\/li>\r\n \t<li><a href=\"https:\/\/www.montrealers.ca\/fr\/brasseur-de-lannee-2018\/\">Brasseur de l&rsquo;Ann\u00e9e 2018<\/a><\/li>\r\n \t<li><a href=\"https:\/\/www.montrealers.ca\/fr\/conference-de-brasseurs-amateurs\/\">Conf\u00e9rence de brasseurs amateurs<\/a><\/li>\r\n \t<li><a href=\"https:\/\/www.montrealers.ca\/ironaler-2016\/\">IronAler 2016<\/a><\/li>\r\n \t<li><a href=\"https:\/\/www.montrealers.ca\/fr\/ironaler-2017\/\">IronAler 2017<\/a><\/li>\r\n \t<li><a href=\"https:\/\/www.montrealers.ca\/fr\/ironaler-2018\/\">IronAler 2018<\/a><\/li>\r\n \t<li><a href=\"https:\/\/www.montrealers.ca\/fr\/ironaler-2019\/\">IronAler 2019 &#8211; Christopher Needelman Memorial<\/a><\/li>\r\n \t<li><a href=\"https:\/\/www.montrealers.ca\/fr\/concours-etiquettes\/\">Concours d\u2019\u00e9tiquettes 2019<\/a><\/li>\r\n \t<li><a href=\"https:\/\/www.montrealers.ca\/m-a-l-t-2012\/\">M.A.L.T 2012<\/a><\/li>\r\n \t<li><a href=\"https:\/\/www.montrealers.ca\/m-a-l-t-2013\/\">M.A.L.T 2013<\/a><\/li>\r\n \t<li><a href=\"https:\/\/www.montrealers.ca\/m-a-l-t-2014\/\">M.A.L.T 2014<\/a><\/li>\r\n \t<li><a href=\"https:\/\/www.montrealers.ca\/malt2015\/\">M.A.L.T 2015<\/a><\/li>\r\n \t<li><a href=\"https:\/\/www.montrealers.ca\/may-madness-2011\/\">May Madness 2011<\/a><\/li>\r\n<\/ul><\/div>\t\t\t\t\t<\/div>\n\t\t\t\t\t\t\t<\/div>\n\t\t\t\t\t\t\t\t\t\n\t\t<\/section>\t\t\n\t<\/div><\/div><\/div><div id=\"pg-gb4871-69f55fd0f142f-1\"  class=\"panel-grid panel-no-style\" ><div id=\"pgc-gb4871-69f55fd0f142f-1-0\"  class=\"panel-grid-cell\" ><div id=\"panel-gb4871-69f55fd0f142f-1-0-0\" class=\"so-panel widget widget_moesia_employees moesia_employees_widget panel-first-child panel-last-child\" data-index=\"1\" >\n\t\t<section id=\"employees\" class=\"employees-area\">\n\t\t\t<div class=\"container\">\n\t\t\t\t<h3 class=\"widget-title\"><span class=\"wow bounce\">Les Administrateurs Actuels<\/span><\/h3>\t\t\t\t\t\t\t\t\t\t\t\t\t\t<div class=\"employee col-md-4 col-sm-6 col-xs-6\">\n\t\t\t\t\t\t\t\t\t\t\t\t\t\t\t\t\t\t\t\t\t<img decoding=\"async\" class=\"employee-photo wow zoomInDown\" src=\"https:\/\/www.montrealers.ca\/wp-content\/uploads\/2019\/06\/Drew.jpg\" alt=\"Andrew Stevens\">\n\t\t\t\t\t\t\t\t\t\t\t\t\t\n\t\t\t\t\t\t<h4 class=\"employee-name wow fadeInUp\">Andrew Stevens<\/h4>\n\t\t\t\t\t\t\t\t\t\t\t\t\t<span class=\"employee-position wow fadeInUp\">Ancien Pr\u00e9sident<\/span>\n\t\t\t\t\t\t\t\t\t\t\t\t<div class=\"employee-desc wow fadeInUp\"><\/div>\n\t\t\t\t\t\t\t\t\t\t\t<\/div>\n\t\t\t\t\t\t\t\t\t\t\t\t\t\t<div class=\"employee col-md-4 col-sm-6 col-xs-6\">\n\t\t\t\t\t\t\t\t\t\t\t\t\t\t\t\t\t\t\t\t\t<img decoding=\"async\" class=\"employee-photo wow zoomInDown\" src=\"https:\/\/www.montrealers.ca\/wp-content\/uploads\/2019\/03\/download_20190303_131553.jpg\" alt=\"Sam Leitkam\">\n\t\t\t\t\t\t\t\t\t\t\t\t\t\n\t\t\t\t\t\t<h4 class=\"employee-name wow fadeInUp\">Sam Leitkam<\/h4>\n\t\t\t\t\t\t\t\t\t\t\t\t\t<span class=\"employee-position wow fadeInUp\">Pr\u00e9sident<\/span>\n\t\t\t\t\t\t\t\t\t\t\t\t<div class=\"employee-desc wow fadeInUp\"><\/div>\n\t\t\t\t\t\t\t\t\t\t\t<\/div>\n\t\t\t\t\t\t\t\t\t\t\t\t\t\t<div class=\"employee col-md-4 col-sm-6 col-xs-6\">\n\t\t\t\t\t\t\t\t\t\t\t\t\t\t\t\t\t\t\t\t\t<img decoding=\"async\" class=\"employee-photo wow zoomInDown\" src=\"https:\/\/www.montrealers.ca\/wp-content\/uploads\/2019\/03\/Mike-200x300.jpg\" alt=\"Michael Brown\">\n\t\t\t\t\t\t\t\t\t\t\t\t\t\n\t\t\t\t\t\t<h4 class=\"employee-name wow fadeInUp\">Michael Brown<\/h4>\n\t\t\t\t\t\t\t\t\t\t\t\t\t<span class=\"employee-position wow fadeInUp\">Tr\u00e9sorier<\/span>\n\t\t\t\t\t\t\t\t\t\t\t\t<div class=\"employee-desc wow fadeInUp\"><\/div>\n\t\t\t\t\t\t\t\t\t\t\t<\/div>\n\t\t\t\t\t\t\t\t\t\t\t\t\t\t<div class=\"employee col-md-4 col-sm-6 col-xs-6\">\n\t\t\t\t\t\t\t\t\t\t\t\t\t<div class=\"employee-photo wow zoomInDown\">\n\t\t\t\t\t\t\t\t\t\t\t\t\t\t\t<img decoding=\"async\" width=\"430\" height=\"430\" src=\"https:\/\/www.montrealers.ca\/wp-content\/uploads\/2019\/03\/240454199_10166034927955724_8106189226206085792_n-430x430.jpg\" class=\"attachment-moesia-employees-thumb size-moesia-employees-thumb wp-post-image\" alt=\"Normand Cyr\" srcset=\"https:\/\/www.montrealers.ca\/wp-content\/uploads\/2019\/03\/240454199_10166034927955724_8106189226206085792_n-430x430.jpg 430w, https:\/\/www.montrealers.ca\/wp-content\/uploads\/2019\/03\/240454199_10166034927955724_8106189226206085792_n-300x300.jpg 300w, https:\/\/www.montrealers.ca\/wp-content\/uploads\/2019\/03\/240454199_10166034927955724_8106189226206085792_n-1024x1024.jpg 1024w, https:\/\/www.montrealers.ca\/wp-content\/uploads\/2019\/03\/240454199_10166034927955724_8106189226206085792_n-150x150.jpg 150w, https:\/\/www.montrealers.ca\/wp-content\/uploads\/2019\/03\/240454199_10166034927955724_8106189226206085792_n-768x768.jpg 768w, https:\/\/www.montrealers.ca\/wp-content\/uploads\/2019\/03\/240454199_10166034927955724_8106189226206085792_n-750x750.jpg 750w, https:\/\/www.montrealers.ca\/wp-content\/uploads\/2019\/03\/240454199_10166034927955724_8106189226206085792_n-400x400.jpg 400w, https:\/\/www.montrealers.ca\/wp-content\/uploads\/2019\/03\/240454199_10166034927955724_8106189226206085792_n-100x100.jpg 100w, https:\/\/www.montrealers.ca\/wp-content\/uploads\/2019\/03\/240454199_10166034927955724_8106189226206085792_n-600x600.jpg 600w, https:\/\/www.montrealers.ca\/wp-content\/uploads\/2019\/03\/240454199_10166034927955724_8106189226206085792_n.jpg 1440w\" sizes=\"(max-width: 430px) 100vw, 430px\" \/>\t\t\t\t\t\t\t\t\t\t\t\t\t\t<\/div>\n\t\t\t\t\t\t\n\t\t\t\t\t\t<h4 class=\"employee-name wow fadeInUp\">Normand Cyr<\/h4>\n\t\t\t\t\t\t\t\t\t\t\t\t\t<span class=\"employee-position wow fadeInUp\">Secr\u00e9taire<\/span>\n\t\t\t\t\t\t\t\t\t\t\t\t<div class=\"employee-desc wow fadeInUp\"><\/div>\n\t\t\t\t\t\t\t\t\t\t\t<\/div>\n\t\t\t\t\t\t\t\t\t\t\t\t\t\t<div class=\"employee col-md-4 col-sm-6 col-xs-6\">\n\t\t\t\t\t\t\t\t\t\t\t\t\t<div class=\"employee-photo wow zoomInDown\">\n\t\t\t\t\t\t\t\t\t\t\t\t\t\t\t<img decoding=\"async\" width=\"430\" height=\"430\" src=\"https:\/\/www.montrealers.ca\/wp-content\/uploads\/2019\/03\/T-Shirt-Gray-Back-430x430.png\" class=\"attachment-moesia-employees-thumb size-moesia-employees-thumb wp-post-image\" alt=\"\" srcset=\"https:\/\/www.montrealers.ca\/wp-content\/uploads\/2019\/03\/T-Shirt-Gray-Back-430x430.png 430w, https:\/\/www.montrealers.ca\/wp-content\/uploads\/2019\/03\/T-Shirt-Gray-Back-300x300.png 300w, https:\/\/www.montrealers.ca\/wp-content\/uploads\/2019\/03\/T-Shirt-Gray-Back-150x150.png 150w, https:\/\/www.montrealers.ca\/wp-content\/uploads\/2019\/03\/T-Shirt-Gray-Back-400x400.png 400w, https:\/\/www.montrealers.ca\/wp-content\/uploads\/2019\/03\/T-Shirt-Gray-Back-100x100.png 100w, https:\/\/www.montrealers.ca\/wp-content\/uploads\/2019\/03\/T-Shirt-Gray-Back.png 500w\" sizes=\"(max-width: 430px) 100vw, 430px\" \/>\t\t\t\t\t\t\t\t\t\t\t\t\t\t<\/div>\n\t\t\t\t\t\t\n\t\t\t\t\t\t<h4 class=\"employee-name wow fadeInUp\">Eric Par\u00e9<\/h4>\n\t\t\t\t\t\t\t\t\t\t\t\t\t<span class=\"employee-position wow fadeInUp\">Membre \u00e0 titre particulier<\/span>\n\t\t\t\t\t\t\t\t\t\t\t\t<div class=\"employee-desc wow fadeInUp\"><\/div>\n\t\t\t\t\t\t\t\t\t\t\t<\/div>\n\t\t\t\t\t\t\t<\/div>\n\t\t\t\t\t\n\t\t<\/section>\n\t\t\t\t\n\t\t\n\t<\/div><\/div><\/div><\/div>","protected":false},"excerpt":{"rendered":"","protected":false},"author":1,"featured_media":0,"parent":4880,"menu_order":0,"comment_status":"closed","ping_status":"closed","template":"page_fullwidth.php","meta":{"footnotes":""},"class_list":["post-4871","page","type-page","status-publish","hentry"],"_links":{"self":[{"href":"https:\/\/www.montrealers.ca\/fr\/wp-json\/wp\/v2\/pages\/4871","targetHints":{"allow":["GET"]}}],"collection":[{"href":"https:\/\/www.montrealers.ca\/fr\/wp-json\/wp\/v2\/pages"}],"about":[{"href":"https:\/\/www.montrealers.ca\/fr\/wp-json\/wp\/v2\/types\/page"}],"author":[{"embeddable":true,"href":"https:\/\/www.montrealers.ca\/fr\/wp-json\/wp\/v2\/users\/1"}],"replies":[{"embeddable":true,"href":"https:\/\/www.montrealers.ca\/fr\/wp-json\/wp\/v2\/comments?post=4871"}],"version-history":[{"count":3,"href":"https:\/\/www.montrealers.ca\/fr\/wp-json\/wp\/v2\/pages\/4871\/revisions"}],"predecessor-version":[{"id":4879,"href":"https:\/\/www.montrealers.ca\/fr\/wp-json\/wp\/v2\/pages\/4871\/revisions\/4879"}],"up":[{"embeddable":true,"href":"https:\/\/www.montrealers.ca\/fr\/wp-json\/wp\/v2\/pages\/4880"}],"wp:attachment":[{"href":"https:\/\/www.montrealers.ca\/fr\/wp-json\/wp\/v2\/media?parent=4871"}],"curies":[{"name":"wp","href":"https:\/\/api.w.org\/{rel}","templated":true}]}}